{"id":2144,"date":"2022-11-30T11:47:24","date_gmt":"2022-11-30T08:47:24","guid":{"rendered":"https:\/\/drmugrabiclinic.com\/sss\/"},"modified":"2023-02-13T13:48:27","modified_gmt":"2023-02-13T10:48:27","slug":"sss","status":"publish","type":"page","link":"https:\/\/drmugrabiclinic.com\/tr\/sss\/","title":{"rendered":"SSS"},"content":{"rendered":"\n  <div class=\"banner has-hover\" id=\"banner-941115572\">\n          <div class=\"banner-inner fill\">\n        <div class=\"banner-bg fill\" >\n            <img loading=\"lazy\" decoding=\"async\" width=\"1920\" height=\"500\" src=\"https:\/\/drmugrabiclinic.com\/wp-content\/uploads\/2022\/12\/mugrabi-clinic-banner-faqs.png\" class=\"bg attachment-original size-original\" alt=\"\" title=\"\">                                    \n                    <\/div>\n\t\t\n        <div class=\"banner-layers container\">\n            <div class=\"fill banner-link\"><\/div>            \n   <div id=\"text-box-504824743\" class=\"text-box banner-layer x5 md-x5 lg-x0 y50 md-y50 lg-y50 res-text\">\n                                <div class=\"text-box-content text dark\">\n              \n              <div class=\"text-inner text-left\">\n                  \n<h1 style=\"text-align: left;\"><span style=\"font-size: 90%;\">SSS<\/span><\/h1>\n<p style=\"text-align: left;\"><span style=\"font-size: 120%;\"><strong>Ayak sorunlar\u0131n\u0131z\u0131 birlikte \u00e7\u00f6zelim!<\/strong><\/span><\/p>\n<a href=\"https:\/\/drmugrabiclinic.com\/tr\/on-teshis\/\" class=\"button secondary lowercase\" >\n\t<i class=\"icon-user\" aria-hidden=\"true\"><\/i>\t<span>Bir Temsilciyle \u0130leti\u015fime Ge\u00e7in<\/span>\n\t<\/a>\n\n              <\/div>\n           <\/div>\n                            \n<style>\n#text-box-504824743 {\n  width: 52%;\n}\n#text-box-504824743 .text-box-content {\n  font-size: 100%;\n}\n@media (min-width:550px) {\n  #text-box-504824743 {\n    width: 40%;\n  }\n}\n<\/style>\n    <\/div>\n \n        <\/div>\n      <\/div>\n\n            \n<style>\n#banner-941115572 {\n  padding-top: 300px;\n}\n#banner-941115572 .banner-bg img {\n  object-position: 34% 0%;\n}\n@media (min-width:550px) {\n  #banner-941115572 {\n    padding-top: 300px;\n  }\n}\n@media (min-width:850px) {\n  #banner-941115572 {\n    padding-top: 500px;\n  }\n}\n<\/style>\n  <\/div>\n\n\n\n\t<section class=\"section\" id=\"section_1121987862\">\n\t\t<div class=\"section-bg fill\" >\n\t\t\t\t\t\t\t\t\t\n\t\t\t\n\n\t\t<\/div>\n\n\t\t\n\n\t\t<div class=\"section-content relative\">\n\t\t\t\n<div class=\"container section-title-container\" ><h3 class=\"section-title section-title-normal\"><b aria-hidden=\"true\"><\/b><span class=\"section-title-main\" >BUNYONLAR VE TEDAV\u0130LER\u0130<\/span><b aria-hidden=\"true\"><\/b><\/h3><\/div>\n<div class=\"row\"  id=\"row-1089297637\">\n\n\t<div id=\"col-2026410533\" class=\"col small-12 large-12\"  >\n\t\t\t\t<div class=\"col-inner\"  >\n\t\t\t\n\t\t\t\n<div class=\"accordion\">\n\t<div id=\"accordion-225135014\" class=\"accordion-item\">\n\t\t<a id=\"accordion-225135014-label\" class=\"accordion-title plain\" href=\"#accordion-item-bunyon-nedir-ve-nas\u0131l-olu\u015fur?\" aria-expanded=\"false\" aria-controls=\"accordion-225135014-content\">\n\t\t\t<button class=\"toggle\" aria-label=\"A\u00e7\/Kapat\"><i class=\"icon-angle-down\" aria-hidden=\"true\"><\/i><\/button>\n\t\t\t<span>Bunyon nedir ve nas\u0131l olu\u015fur?<\/span>\n\t\t<\/a>\n\t\t<div id=\"accordion-225135014-content\" class=\"accordion-inner\" aria-labelledby=\"accordion-225135014-label\">\n\t\t\t\n<p>Bunyon, ayak ba\u015fparma\u011f\u0131n\u0131n kenar\u0131ndaki \u015fekil bozuklu\u011funa ba\u011fl\u0131 olarak ortaya \u00e7\u0131kan g\u00f6rme bozuklu\u011funa verilen isimdir. Bunyon deformitesi genellikle ailesel yatk\u0131nl\u0131k, k\u00f6t\u00fc kalitede ayakkab\u0131 giymek, kilo ve hastan\u0131n aya\u011f\u0131ndaki d\u00fcz tabanl\u0131k ya da y\u00fcksek kavis gibi sorunlar sonucunda ortaya \u00e7\u0131kar.<\/p>\n\t\t<\/div>\n\t<\/div>\n\t\n\t<div id=\"accordion-1987619325\" class=\"accordion-item\">\n\t\t<a id=\"accordion-1987619325-label\" class=\"accordion-title plain\" href=\"#accordion-item-bunyonlara-ne-sebep-olur?\" aria-expanded=\"false\" aria-controls=\"accordion-1987619325-content\">\n\t\t\t<button class=\"toggle\" aria-label=\"A\u00e7\/Kapat\"><i class=\"icon-angle-down\" aria-hidden=\"true\"><\/i><\/button>\n\t\t\t<span>Bunyonlara ne sebep olur?<\/span>\n\t\t<\/a>\n\t\t<div id=\"accordion-1987619325-content\" class=\"accordion-inner\" aria-labelledby=\"accordion-1987619325-label\">\n\t\t\t\n<p>Bunyonlara yol a\u00e7an nedenler \u015funlard\u0131r; d\u00fcz taban olmak, y\u00fcksek kavisli ayak yap\u0131s\u0131, genetik alt yap\u0131 rahats\u0131zl\u0131klar\u0131, kilo problemi, romatizmal hastal\u0131klar ve yumu\u015fak doku problemlerinde bunyonlar kendilerini g\u00f6sterebilir.<\/p>\n\t\t<\/div>\n\t<\/div>\n\t\n\t<div id=\"accordion-3059511709\" class=\"accordion-item\">\n\t\t<a id=\"accordion-3059511709-label\" class=\"accordion-title plain\" href=\"#accordion-item-bunyonlar-i\u00e7in-cerrahi-tedavi-ne-zaman-gereklidir?\" aria-expanded=\"false\" aria-controls=\"accordion-3059511709-content\">\n\t\t\t<button class=\"toggle\" aria-label=\"A\u00e7\/Kapat\"><i class=\"icon-angle-down\" aria-hidden=\"true\"><\/i><\/button>\n\t\t\t<span>Bunyonlar i\u00e7in cerrahi tedavi ne zaman gereklidir?<\/span>\n\t\t<\/a>\n\t\t<div id=\"accordion-3059511709-content\" class=\"accordion-inner\" aria-labelledby=\"accordion-3059511709-label\">\n\t\t\t\n<p>Bunyonlarda a\u011fr\u0131 geli\u015fmesi durumunda cerrahi tedavi uygulamaktay\u0131z. A\u011fr\u0131l\u0131 ayaklarda \u00f6zellikle ayakkab\u0131 giymenin zorla\u015ft\u0131\u011f\u0131, hastalarda g\u00fcnl\u00fck aktivite s\u00fcresinin azald\u0131\u011f\u0131, ser\u00e7e parmak deformitelerinin belirginle\u015fti\u011fi sinir problemlerinin oldu\u011fu durumlarda cerrahi tedaviyi tercih ediyoruz.<\/p>\n\t\t<\/div>\n\t<\/div>\n\t\n\t<div id=\"accordion-4261018186\" class=\"accordion-item\">\n\t\t<a id=\"accordion-4261018186-label\" class=\"accordion-title plain\" href=\"#accordion-item-t\u00fcm-bunyonlar-cerrahi-tedavi-gerektirir-mi?\" aria-expanded=\"false\" aria-controls=\"accordion-4261018186-content\">\n\t\t\t<button class=\"toggle\" aria-label=\"A\u00e7\/Kapat\"><i class=\"icon-angle-down\" aria-hidden=\"true\"><\/i><\/button>\n\t\t\t<span>T\u00fcm bunyonlar cerrahi tedavi gerektirir mi?<\/span>\n\t\t<\/a>\n\t\t<div id=\"accordion-4261018186-content\" class=\"accordion-inner\" aria-labelledby=\"accordion-4261018186-label\">\n\t\t\t\n<p>T\u00fcm bunyonlarda cerrahi tedaviye gerek yoktur. \u00d6zellikle a\u011fr\u0131s\u0131z bunyonlar\u0131n tedavisinde cerrahi tedavinin yeri yoktur. Genellikle ayakkab\u0131 giymekle ortaya \u00e7\u0131kan a\u011fr\u0131 probleminde ve \u015fekil bozukluklar\u0131nda bunyonlar\u0131 cerrahi olarak tedavi ediyoruz.<\/p>\n\t\t<\/div>\n\t<\/div>\n\t\n\t<div id=\"accordion-573707225\" class=\"accordion-item\">\n\t\t<a id=\"accordion-573707225-label\" class=\"accordion-title plain\" href=\"#accordion-item-bunyonet-ve-\u00e7eki\u00e7-parmak-deformitemi-ayn\u0131-i\u015flemde-yapt\u0131rabilir-miyim?\" aria-expanded=\"false\" aria-controls=\"accordion-573707225-content\">\n\t\t\t<button class=\"toggle\" aria-label=\"A\u00e7\/Kapat\"><i class=\"icon-angle-down\" aria-hidden=\"true\"><\/i><\/button>\n\t\t\t<span>Bunyonet ve \u00e7eki\u00e7 parmak deformitemi ayn\u0131 i\u015flemde yapt\u0131rabilir miyim?<\/span>\n\t\t<\/a>\n\t\t<div id=\"accordion-573707225-content\" class=\"accordion-inner\" aria-labelledby=\"accordion-573707225-label\">\n\t\t\t\n<p>Bunyon tedavisi yaparken genellikle ayakta ayn\u0131 anda var olan di\u011fer t\u00fcm sorunlar\u0131 da ayn\u0131 seansta \u00e7\u00f6zmeye gayret ediyoruz. Bu y\u00fczden \u00e7eki\u00e7 parmak problemlerini ve bunyon problemlerini ayn\u0131 seansta \u00e7\u00f6zmeye \u00e7al\u0131\u015f\u0131yoruz.<\/p>\n\t\t<\/div>\n\t<\/div>\n\t\n\t<div id=\"accordion-872798272\" class=\"accordion-item\">\n\t\t<a id=\"accordion-872798272-label\" class=\"accordion-title plain\" href=\"#accordion-item-her-iki-aya\u011f\u0131m\u0131-da-ameliyat-ettirebilir-miyim?\" aria-expanded=\"false\" aria-controls=\"accordion-872798272-content\">\n\t\t\t<button class=\"toggle\" aria-label=\"A\u00e7\/Kapat\"><i class=\"icon-angle-down\" aria-hidden=\"true\"><\/i><\/button>\n\t\t\t<span>Her iki aya\u011f\u0131m\u0131 da ameliyat ettirebilir miyim?<\/span>\n\t\t<\/a>\n\t\t<div id=\"accordion-872798272-content\" class=\"accordion-inner\" aria-labelledby=\"accordion-872798272-label\">\n\t\t\t\n<p>Bunyon problemlerinde vakalar\u0131n \u00e7o\u011funda iki tarafl\u0131 ameliyat yap\u0131yoruz. \u00c7\u00fcnk\u00fc ameliyat s\u0131ras\u0131nda vakalar\u0131n \u00e7o\u011funda ameliyattan hemen sonra \u00fczerine basman\u0131za izin veriyoruz. Ancak \u00e7ok ileri vakalarda yap\u0131lan baz\u0131 spesifik ameliyatlarda hastalar\u0131n yere basmas\u0131na izin vermedi\u011fimiz bir s\u00fcre\u00e7 var. Bu tip ameliyatlar\u0131n tek tek yap\u0131lmas\u0131n\u0131 tercih ediyoruz ama yukar\u0131da da belirtti\u011fim gibi hastalar\u0131n %80-90&#8217;\u0131nda ameliyatlar\u0131 \u00e7ift tarafl\u0131 yap\u0131yoruz.<\/p>\n\t\t<\/div>\n\t<\/div>\n\t\n<\/div>\n\t\t<\/div>\n\t\t\t\t\t<\/div>\n\n\t\n<\/div>\n\t\t<\/div>\n\n\t\t\n<style>\n#section_1121987862 {\n  padding-top: 30px;\n  padding-bottom: 30px;\n}\n<\/style>\n\t<\/section>\n\t\n\n\t<section class=\"section\" id=\"section_1945533927\">\n\t\t<div class=\"section-bg fill\" >\n\t\t\t\t\t\t\t\t\t\n\t\t\t\n\n\t\t<\/div>\n\n\t\t\n\n\t\t<div class=\"section-content relative\">\n\t\t\t\n<div class=\"container section-title-container\" ><h3 class=\"section-title section-title-normal\"><b aria-hidden=\"true\"><\/b><span class=\"section-title-main\" >PROSED\u00dcR<\/span><b aria-hidden=\"true\"><\/b><\/h3><\/div>\n<div class=\"row\"  id=\"row-1039953001\">\n\n\t<div id=\"col-536931299\" class=\"col small-12 large-12\"  >\n\t\t\t\t<div class=\"col-inner\"  >\n\t\t\t\n\t\t\t\n<div class=\"accordion\">\n\t<div id=\"accordion-2658412464\" class=\"accordion-item\">\n\t\t<a id=\"accordion-2658412464-label\" class=\"accordion-title plain\" href=\"#accordion-item-bu-operasyon-sigorta-kapsam\u0131nda-m\u0131?\" aria-expanded=\"false\" aria-controls=\"accordion-2658412464-content\">\n\t\t\t<button class=\"toggle\" aria-label=\"A\u00e7\/Kapat\"><i class=\"icon-angle-down\" aria-hidden=\"true\"><\/i><\/button>\n\t\t\t<span>Bu operasyon sigorta kapsam\u0131nda m\u0131?<\/span>\n\t\t<\/a>\n\t\t<div id=\"accordion-2658412464-content\" class=\"accordion-inner\" aria-labelledby=\"accordion-2658412464-label\">\n\t\t\t\n<p>Bu ameliyat genellikle sigorta \u015firketleri taraf\u0131ndan kabul edilmektedir, ancak sigorta \u015firketlerinin \u00f6zelliklerine ba\u011fl\u0131 olarak ailevi nedenler veya genetik yatk\u0131nl\u0131k nedeniyle bu ameliyat\u0131 kabul etmeyen sigorta \u015firketleri de vard\u0131r. Hastalar\u0131m\u0131zla ameliyata ba\u015flamadan \u00f6nce genellikle sigortalardan bir \u00f6n onay al\u0131r, sigortan\u0131n kar\u015f\u0131lay\u0131p kar\u015f\u0131lamad\u0131\u011f\u0131n\u0131 vurgular ve \u00f6\u011freniriz.<\/p>\n\t\t<\/div>\n\t<\/div>\n\t\n\t<div id=\"accordion-3440614220\" class=\"accordion-item\">\n\t\t<a id=\"accordion-3440614220-label\" class=\"accordion-title plain\" href=\"#accordion-item-cerrahi-tedavi-s\u0131ras\u0131nda-herhangi-bir-ileti\u015fim-sorunu-ya\u015far-m\u0131y\u0131m?\" aria-expanded=\"false\" aria-controls=\"accordion-3440614220-content\">\n\t\t\t<button class=\"toggle\" aria-label=\"A\u00e7\/Kapat\"><i class=\"icon-angle-down\" aria-hidden=\"true\"><\/i><\/button>\n\t\t\t<span>Cerrahi tedavi s\u0131ras\u0131nda herhangi bir ileti\u015fim sorunu ya\u015far m\u0131y\u0131m?<\/span>\n\t\t<\/a>\n\t\t<div id=\"accordion-3440614220-content\" class=\"accordion-inner\" aria-labelledby=\"accordion-3440614220-label\">\n\t\t\t\n<p>Ameliyat sonras\u0131 d\u00f6nemde hem\u015firelerimize, fizyoterapistlerimize ve hasta dan\u0131\u015fmanlar\u0131m\u0131za whatsapp \u00fczerinden diledi\u011finiz zaman ula\u015fabilirsiniz. G\u00fcn\u00fcn 24 saati a\u00e7\u0131k olan telefonlar\u0131m\u0131zdan bize ula\u015fman\u0131z sorun olmayacakt\u0131r.<\/p>\n\t\t<\/div>\n\t<\/div>\n\t\n\t<div id=\"accordion-1311951044\" class=\"accordion-item\">\n\t\t<a id=\"accordion-1311951044-label\" class=\"accordion-title plain\" href=\"#accordion-item-ameliyat-sonras\u0131-veya-ameliyat-\u00f6ncesi-otel-havaalan\u0131-ula\u015f\u0131m\u0131-nas\u0131l-olacak?\" aria-expanded=\"false\" aria-controls=\"accordion-1311951044-content\">\n\t\t\t<button class=\"toggle\" aria-label=\"A\u00e7\/Kapat\"><i class=\"icon-angle-down\" aria-hidden=\"true\"><\/i><\/button>\n\t\t\t<span>Ameliyat sonras\u0131 veya ameliyat \u00f6ncesi otel havaalan\u0131 ula\u015f\u0131m\u0131 nas\u0131l olacak?<\/span>\n\t\t<\/a>\n\t\t<div id=\"accordion-1311951044-content\" class=\"accordion-inner\" aria-labelledby=\"accordion-1311951044-label\">\n\t\t\t\n<p>Ameliyat \u00f6ncesi ve sonras\u0131 transferler i\u00e7in T\u00fcrkiye&#8217;ye geldi\u011finiz andan itibaren profesyonel hizmet veren gruplar taraf\u0131ndan takip edileceksiniz. Havaalan\u0131, otel ve hastane transferleri s\u0131ras\u0131nda birlikte \u00e7al\u0131\u015ft\u0131\u011f\u0131m\u0131z turizm \u015firketi ve onlara e\u015flik eden terc\u00fcmanlardan destek alacaks\u0131n\u0131z. Bu ki\u015filer taraf\u0131ndan \u00f6zellikle otel, havaalan\u0131 transferleriniz ve hastaneye transferleriniz s\u0131ras\u0131nda sa\u011fl\u0131k dan\u0131\u015fmanlar\u0131m\u0131z taraf\u0131ndan hizmet alman\u0131z sa\u011flanacakt\u0131r.<\/p>\n\t\t<\/div>\n\t<\/div>\n\t\n\t<div id=\"accordion-4166580620\" class=\"accordion-item\">\n\t\t<a id=\"accordion-4166580620-label\" class=\"accordion-title plain\" href=\"#accordion-item-tedavi-s\u0131ras\u0131nda-nerede-konaklayaca\u011f\u0131m?\" aria-expanded=\"false\" aria-controls=\"accordion-4166580620-content\">\n\t\t\t<button class=\"toggle\" aria-label=\"A\u00e7\/Kapat\"><i class=\"icon-angle-down\" aria-hidden=\"true\"><\/i><\/button>\n\t\t\t<span>Tedavi s\u0131ras\u0131nda nerede konaklayaca\u011f\u0131m?<\/span>\n\t\t<\/a>\n\t\t<div id=\"accordion-4166580620-content\" class=\"accordion-inner\" aria-labelledby=\"accordion-4166580620-label\">\n\t\t\t\n<p>Asl\u0131nda bu sorunun cevab\u0131 yazd\u0131\u011f\u0131m\u0131z formda mevcut. Biz hastalara yedi g\u00fcnl\u00fck bir paket sunuyoruz. Bu paketin ilk iki g\u00fcn\u00fcnde hastalar \u0130stanbul&#8217;a geldiklerinde otelde kal\u0131yorlar ve ameliyat \u00f6ncesi haz\u0131rl\u0131klar\u0131n\u0131 tamaml\u0131yorlar. Daha sonraki s\u00fcre\u00e7te \u00fc\u00e7 gece hastanede kal\u0131yorlar, son iki geceyi otellerinde ge\u00e7iriyorlar ve biz yedinci g\u00fcn\u00fcn sonunda onlar\u0131 u\u011furlay\u0131p \u00fclkelerine geri g\u00f6nderiyoruz.<\/p>\n\t\t<\/div>\n\t<\/div>\n\t\n\t<div id=\"accordion-4192895579\" class=\"accordion-item\">\n\t\t<a id=\"accordion-4192895579-label\" class=\"accordion-title plain\" href=\"#accordion-item-ameliyattan-sonra-\u00fclkeme-ne-zaman-d\u00f6nebilirim?\" aria-expanded=\"false\" aria-controls=\"accordion-4192895579-content\">\n\t\t\t<button class=\"toggle\" aria-label=\"A\u00e7\/Kapat\"><i class=\"icon-angle-down\" aria-hidden=\"true\"><\/i><\/button>\n\t\t\t<span>Ameliyattan sonra \u00fclkeme ne zaman d\u00f6nebilirim?<\/span>\n\t\t<\/a>\n\t\t<div id=\"accordion-4192895579-content\" class=\"accordion-inner\" aria-labelledby=\"accordion-4192895579-label\">\n\t\t\t\n<p>Ameliyat sonras\u0131 be\u015finci g\u00fcn T\u00fcrkiye&#8217;de toplamda yedinci g\u00fcn hastalar\u0131m\u0131z\u0131n \u00fclkelerine d\u00f6nmelerini sa\u011flayaca\u011f\u0131z.<\/p>\n\t\t<\/div>\n\t<\/div>\n\t\n\t<div id=\"accordion-1614307849\" class=\"accordion-item\">\n\t\t<a id=\"accordion-1614307849-label\" class=\"accordion-title plain\" href=\"#accordion-item-ameliyat-sonras\u0131-takip-s\u00fcresi-nas\u0131ld\u0131r?\" aria-expanded=\"false\" aria-controls=\"accordion-1614307849-content\">\n\t\t\t<button class=\"toggle\" aria-label=\"A\u00e7\/Kapat\"><i class=\"icon-angle-down\" aria-hidden=\"true\"><\/i><\/button>\n\t\t\t<span>Ameliyat sonras\u0131 takip s\u00fcresi nas\u0131ld\u0131r?<\/span>\n\t\t<\/a>\n\t\t<div id=\"accordion-1614307849-content\" class=\"accordion-inner\" aria-labelledby=\"accordion-1614307849-label\">\n\t\t\t\n<p>Hastanede hastalar\u0131m\u0131za ameliyat sonras\u0131 ilk \u00fc\u00e7 g\u00fcn evde yapacaklar\u0131 egzersizler, evde bak\u0131m s\u00fcreci ve \u00fc\u00e7\u00fcnc\u00fc haftan\u0131n sonuna kadar uyacaklar\u0131 kurallar hakk\u0131nda bilgi veriliyor. \u00dc\u00e7\u00fcnc\u00fc haftan\u0131n sonundan itibaren d\u00f6rd\u00fcnc\u00fc ay\u0131n sonuna kadar her \u00fc\u00e7 haftada bir hastalar\u0131m\u0131zla online g\u00f6r\u00fc\u015fmeler yaparak takiplerinin gidi\u015fat\u0131n\u0131 konu\u015faca\u011f\u0131z. Hastalar\u0131m\u0131z\u0131 online sistem \u00fczerinden verilen randevularla takip edece\u011fiz.<\/p>\n\t\t<\/div>\n\t<\/div>\n\t\n<\/div>\n\t\t<\/div>\n\t\t\t\t\t<\/div>\n\n\t\n<\/div>\n\t\t<\/div>\n\n\t\t\n<style>\n#section_1945533927 {\n  padding-top: 30px;\n  padding-bottom: 30px;\n  background-color: #f5f8fa;\n}\n<\/style>\n\t<\/section>\n\t\n\n\t<section class=\"section\" id=\"section_997528122\">\n\t\t<div class=\"section-bg fill\" >\n\t\t\t\t\t\t\t\t\t\n\t\t\t\n\n\t\t<\/div>\n\n\t\t\n\n\t\t<div class=\"section-content relative\">\n\t\t\t\n<div class=\"container section-title-container\" ><h3 class=\"section-title section-title-normal\"><b aria-hidden=\"true\"><\/b><span class=\"section-title-main\" >CERRAH\u0130<\/span><b aria-hidden=\"true\"><\/b><\/h3><\/div>\n<div class=\"row\"  id=\"row-995808035\">\n\n\t<div id=\"col-482581150\" class=\"col small-12 large-12\"  >\n\t\t\t\t<div class=\"col-inner\"  >\n\t\t\t\n\t\t\t\n<div class=\"accordion\">\n\t<div id=\"accordion-3147084411\" class=\"accordion-item\">\n\t\t<a id=\"accordion-3147084411-label\" class=\"accordion-title plain\" href=\"#accordion-item-ameliyattan-\u00f6nce-hangi-testleri-yapt\u0131rmal\u0131y\u0131m?\" aria-expanded=\"false\" aria-controls=\"accordion-3147084411-content\">\n\t\t\t<button class=\"toggle\" aria-label=\"A\u00e7\/Kapat\"><i class=\"icon-angle-down\" aria-hidden=\"true\"><\/i><\/button>\n\t\t\t<span>Ameliyattan \u00f6nce hangi testleri yapt\u0131rmal\u0131y\u0131m?<\/span>\n\t\t<\/a>\n\t\t<div id=\"accordion-3147084411-content\" class=\"accordion-inner\" aria-labelledby=\"accordion-3147084411-label\">\n\t\t\t\n<p>Klasik olarak karaci\u011fer ve b\u00f6brek fonksiyon testleri, akci\u011fer r\u00f6ntgeni, EKG ameliyat \u00f6ncesi yap\u0131lacak testler aras\u0131ndad\u0131r. Belirli bir rahats\u0131zl\u0131\u011f\u0131n\u0131z varsa, o rahats\u0131zl\u0131\u011fa \u00f6zel olarak yap\u0131lan testler de eklenecektir. \u00d6rne\u011fin \u015feker hastas\u0131ysan\u0131z, \u015feker hastal\u0131\u011f\u0131n\u0131zla ilgili olarak kan \u015fekeri d\u00fczeyinize ili\u015fkin testler yap\u0131lacakt\u0131r. <\/p>\n\t\t<\/div>\n\t<\/div>\n\t\n\t<div id=\"accordion-3480275715\" class=\"accordion-item\">\n\t\t<a id=\"accordion-3480275715-label\" class=\"accordion-title plain\" href=\"#accordion-item-ameliyat-s\u0131ras\u0131nda-hangi-anestezi-y\u00f6ntemi-kullan\u0131lacak?\" aria-expanded=\"false\" aria-controls=\"accordion-3480275715-content\">\n\t\t\t<button class=\"toggle\" aria-label=\"A\u00e7\/Kapat\"><i class=\"icon-angle-down\" aria-hidden=\"true\"><\/i><\/button>\n\t\t\t<span>Ameliyat s\u0131ras\u0131nda hangi anestezi y\u00f6ntemi kullan\u0131lacak?<\/span>\n\t\t<\/a>\n\t\t<div id=\"accordion-3480275715-content\" class=\"accordion-inner\" aria-labelledby=\"accordion-3480275715-label\">\n\t\t\t\n<p>Yap\u0131lacak anestezi t\u00fcr\u00fcne anestezi uzmanlar\u0131 ile g\u00f6r\u00fc\u015ft\u00fckten sonra karar veriyoruz. Anestezi uzman\u0131 sizi muayene edip tetkiklerinizi de\u011ferlendirdikten sonra genel anestezi, epidural veya spinal anestezi ya da blok anesteziden hangisini tercih etti\u011fini sizinle payla\u015f\u0131yor ve buna g\u00f6re yol \u00e7iziyoruz.<\/p>\n\t\t<\/div>\n\t<\/div>\n\t\n\t<div id=\"accordion-1163522895\" class=\"accordion-item\">\n\t\t<a id=\"accordion-1163522895-label\" class=\"accordion-title plain\" href=\"#accordion-item-ameliyat-ka\u00e7-saat-s\u00fcrecek?\" aria-expanded=\"false\" aria-controls=\"accordion-1163522895-content\">\n\t\t\t<button class=\"toggle\" aria-label=\"A\u00e7\/Kapat\"><i class=\"icon-angle-down\" aria-hidden=\"true\"><\/i><\/button>\n\t\t\t<span>Ameliyat ka\u00e7 saat s\u00fcrecek?<\/span>\n\t\t<\/a>\n\t\t<div id=\"accordion-1163522895-content\" class=\"accordion-inner\" aria-labelledby=\"accordion-1163522895-label\">\n\t\t\t\n<p>Ameliyat\u0131m\u0131z tek tarafl\u0131 ise yakla\u015f\u0131k 1-1,5 saat, iki tarafl\u0131 ise yakla\u015f\u0131k 3 saat s\u00fcrecektir.<\/p>\n\t\t<\/div>\n\t<\/div>\n\t\n\t<div id=\"accordion-3607594304\" class=\"accordion-item\">\n\t\t<a id=\"accordion-3607594304-label\" class=\"accordion-title plain\" href=\"#accordion-item-ameliyat-s\u0131ras\u0131nda-hangi-kalitede-malzeme-kullan\u0131lacak?\" aria-expanded=\"false\" aria-controls=\"accordion-3607594304-content\">\n\t\t\t<button class=\"toggle\" aria-label=\"A\u00e7\/Kapat\"><i class=\"icon-angle-down\" aria-hidden=\"true\"><\/i><\/button>\n\t\t\t<span>Ameliyat s\u0131ras\u0131nda hangi kalitede malzeme kullan\u0131lacak?<\/span>\n\t\t<\/a>\n\t\t<div id=\"accordion-3607594304-content\" class=\"accordion-inner\" aria-labelledby=\"accordion-3607594304-label\">\n\t\t\t\n<p>Ameliyat s\u0131ras\u0131nda kullan\u0131lacak t\u00fcm malzemeler d\u00fcnya standartlar\u0131nda malzemelerdir. Kulland\u0131\u011f\u0131m\u0131z malzemelerin tamam\u0131 Johnson and Johnson, Zimmer gibi Avrupa ve Amerika&#8217;da bilinen ortopedi firmalar\u0131n\u0131n malzemeleridir. En y\u00fcksek standartlarda malzemeler kullan\u0131yoruz.<\/p>\n\t\t<\/div>\n\t<\/div>\n\t\n\t<div id=\"accordion-3530830450\" class=\"accordion-item\">\n\t\t<a id=\"accordion-3530830450-label\" class=\"accordion-title plain\" href=\"#accordion-item-ne-kadar-s\u00fcre-hastanede-kalaca\u011f\u0131m?\" aria-expanded=\"false\" aria-controls=\"accordion-3530830450-content\">\n\t\t\t<button class=\"toggle\" aria-label=\"A\u00e7\/Kapat\"><i class=\"icon-angle-down\" aria-hidden=\"true\"><\/i><\/button>\n\t\t\t<span>Ne kadar s\u00fcre hastanede kalaca\u011f\u0131m?<\/span>\n\t\t<\/a>\n\t\t<div id=\"accordion-3530830450-content\" class=\"accordion-inner\" aria-labelledby=\"accordion-3530830450-label\">\n\t\t\t\n<p>Hastanede kal\u0131\u015f s\u00fcreniz \u00fc\u00e7 gecedir. Bu \u00fc\u00e7 g\u00fcnl\u00fck hastanede kal\u0131\u015f s\u00fcresince a\u011fr\u0131n\u0131z\u0131n kontrol\u00fc, yara bak\u0131m\u0131n\u0131z ve evde yapaca\u011f\u0131n\u0131z egzersizler hakk\u0131nda genel bilgiler verilecektir.<\/p>\n\t\t<\/div>\n\t<\/div>\n\t\n\t<div id=\"accordion-3736963386\" class=\"accordion-item\">\n\t\t<a id=\"accordion-3736963386-label\" class=\"accordion-title plain\" href=\"#accordion-item-ameliyattan-sonra-bunyonlar-yeniden-olu\u015fur-mu?\" aria-expanded=\"false\" aria-controls=\"accordion-3736963386-content\">\n\t\t\t<button class=\"toggle\" aria-label=\"A\u00e7\/Kapat\"><i class=\"icon-angle-down\" aria-hidden=\"true\"><\/i><\/button>\n\t\t\t<span>Ameliyattan sonra bunyonlar yeniden olu\u015fur mu?<\/span>\n\t\t<\/a>\n\t\t<div id=\"accordion-3736963386-content\" class=\"accordion-inner\" aria-labelledby=\"accordion-3736963386-label\">\n\t\t\t\n<p>Ameliyattan sonra geri d\u00f6nen bir bunyon, hastan\u0131n ya\u015fam\u0131 boyunca kabaca %10&#8217;luk bir n\u00fcks oran\u0131na sahiptir. \u0130nsanlar\u0131n \u00e7o\u011fu k\u00fc\u00e7\u00fck bir bunyon n\u00fcks\u00fcne katlanabilmektedir. Sorun yaratan ve ek ameliyat gerektiren \u00f6nemli bunyon n\u00fcksleri \u00f6nemli \u00f6l\u00e7\u00fcde daha az s\u0131kl\u0131ktad\u0131r. Ameliyat s\u0131ras\u0131nda bunyon tamamen onar\u0131lmazsa veya yanl\u0131\u015f bunyon tekni\u011fi uygulan\u0131rsa, n\u00fcks meydana gelebilir. Hastalar ameliyat sonras\u0131 talimatlara uygun \u015fekilde uymazlarsa da bu durum ortaya \u00e7\u0131kabilir. \u00c7ok daha az s\u0131kl\u0131kla g\u00f6r\u00fclmesine ra\u011fmen, a\u015f\u0131r\u0131 d\u00fczeltme veya &#8220;halluks valgus&#8221; hala bir endi\u015fe kayna\u011f\u0131d\u0131r. \u0130kinci bir ameliyat ihtiyac\u0131 a\u015f\u0131r\u0131 d\u00fczeltme veya n\u00fcks (revizyon ameliyat\u0131) nedeniyle olabilir.<\/p>\n\t\t<\/div>\n\t<\/div>\n\t\n\t<div id=\"accordion-1437219854\" class=\"accordion-item\">\n\t\t<a id=\"accordion-1437219854-label\" class=\"accordion-title plain\" href=\"#accordion-item-bunyonun-geri-d\u00f6nmesini-nas\u0131l-engelleyebilirsiniz?\" aria-expanded=\"false\" aria-controls=\"accordion-1437219854-content\">\n\t\t\t<button class=\"toggle\" aria-label=\"A\u00e7\/Kapat\"><i class=\"icon-angle-down\" aria-hidden=\"true\"><\/i><\/button>\n\t\t\t<span>Bunyonun geri d\u00f6nmesini nas\u0131l engelleyebilirsiniz?<\/span>\n\t\t<\/a>\n\t\t<div id=\"accordion-1437219854-content\" class=\"accordion-inner\" aria-labelledby=\"accordion-1437219854-label\">\n\t\t\t\n<p>Bunyonlar\u0131n kal\u0131tsal do\u011fas\u0131 nedeniyle, \u00e7e\u015fitli t\u0131bbi bozukluklar bir ki\u015finin tekrarlayan bunyon riskini art\u0131rabilir. Doku esnekli\u011fini veya hipermobilitesini art\u0131ran herhangi bir hastal\u0131k n\u00fcks nedeni olabilir. Kemikler do\u011fru \u015fekilde iyile\u015fmezse bunyon tekrarlayabilir. M\u00fcmk\u00fcn oldu\u011funda, bunyon d\u00fczeltmenizi s\u00fcrd\u00fcrmek i\u00e7in mant\u0131kl\u0131, rahat ayakkab\u0131lar kullan\u0131n.<\/p>\n\t\t<\/div>\n\t<\/div>\n\t\n<\/div>\n\t\t<\/div>\n\t\t\t\t\t<\/div>\n\n\t\n\n\t<div id=\"col-784058568\" class=\"col small-12 large-12\"  >\n\t\t\t\t<div class=\"col-inner\"  >\n\t\t\t\n\t\t\t\n<span class=\"scroll-to\" data-label=\"Scroll to: #minimal\" data-bullet=\"true\" data-link=\"#minimal\" data-title=\"Change this\"><a name=\"minimal\"><\/a><\/span>\n<div class=\"container section-title-container\" ><h3 class=\"section-title section-title-normal\"><b aria-hidden=\"true\"><\/b><span class=\"section-title-main\" >MINIMAL INVAZIV<\/span><b aria-hidden=\"true\"><\/b><\/h3><\/div>\n<div class=\"accordion\">\n\t<div id=\"accordion-856363709\" class=\"accordion-item\">\n\t\t<a id=\"accordion-856363709-label\" class=\"accordion-title plain\" href=\"#accordion-item-bunyonum-i\u00e7in-minimal-invaziv-ameliyat-olabilir-miyim?\" aria-expanded=\"false\" aria-controls=\"accordion-856363709-content\">\n\t\t\t<button class=\"toggle\" aria-label=\"A\u00e7\/Kapat\"><i class=\"icon-angle-down\" aria-hidden=\"true\"><\/i><\/button>\n\t\t\t<span>Bunyonum i\u00e7in minimal invaziv ameliyat olabilir miyim?<\/span>\n\t\t<\/a>\n\t\t<div id=\"accordion-856363709-content\" class=\"accordion-inner\" aria-labelledby=\"accordion-856363709-label\">\n\t\t\t\n<p>Bunu yaln\u0131zca aya\u011f\u0131n\u0131z\u0131n fiziksel muayenesi belirleyebilir. Ayakta dururken sizi izlemek ve aya\u011f\u0131n\u0131z\u0131n a\u011f\u0131rl\u0131k ta\u015f\u0131yan r\u00f6ntgenlerini incelemek de dahil olmak \u00fczere ciddi deformiteniz cerrahi tedavi gerektiren di\u011fer ayak sorunlar\u0131yla ba\u011flant\u0131l\u0131ysa daha karma\u015f\u0131k, a\u00e7\u0131k bir ameliyat gerekebilir. Hangi prosed\u00fcr\u00fcn sizin i\u00e7in en iyisi oldu\u011funu belirlemek i\u00e7in en iyisi ortopedik ayak ve ayak bile\u011fi cerrah\u0131n\u0131za dan\u0131\u015fmakt\u0131r. <\/p>\n\t\t<\/div>\n\t<\/div>\n\t\n\t<div id=\"accordion-1195590210\" class=\"accordion-item\">\n\t\t<a id=\"accordion-1195590210-label\" class=\"accordion-title plain\" href=\"#accordion-item-bunyon-ameliyat\u0131ndan-ne-kadar-s\u00fcre-sonra-aya\u011fa-kalkmaktan-ka\u00e7\u0131nmal\u0131s\u0131n\u0131z?\" aria-expanded=\"false\" aria-controls=\"accordion-1195590210-content\">\n\t\t\t<button class=\"toggle\" aria-label=\"A\u00e7\/Kapat\"><i class=\"icon-angle-down\" aria-hidden=\"true\"><\/i><\/button>\n\t\t\t<span>Bunyon ameliyat\u0131ndan ne kadar s\u00fcre sonra aya\u011fa kalkmaktan ka\u00e7\u0131nmal\u0131s\u0131n\u0131z?<\/span>\n\t\t<\/a>\n\t\t<div id=\"accordion-1195590210-content\" class=\"accordion-inner\" aria-labelledby=\"accordion-1195590210-label\">\n\t\t\t\n<p>Hastalar herhangi bir ayak ameliyat\u0131n\u0131 takip eden ilk iki hafta boyunca rahatlamal\u0131 ve aktiviteden ka\u00e7\u0131nmal\u0131d\u0131r. Genellikle ameliyat b\u00f6lgesinin ikinci haftada zaman\u0131n %50&#8217;sinde ve ilk haftada zaman\u0131n %80&#8217;inde y\u00fckseltilmesi tavsiye edilir. Ge\u00e7irdi\u011finiz onar\u0131m t\u00fcr\u00fcne ba\u011fl\u0131 olarak ya 24 saat sonra (PECA ameliyat\u0131 i\u00e7in) ya da iki ila d\u00f6rt hafta sonra aya\u011f\u0131n\u0131za a\u011f\u0131rl\u0131k vermenize izin verilecektir. \u00c7o\u011fu hasta i\u015ften en az iki hafta izin al\u0131r, evden \u00e7al\u0131\u015fmad\u0131klar\u0131 s\u00fcrece araba veya toplu ta\u015f\u0131ma ile gidip gelmeleri gerekiyorsa daha uzun s\u00fcre izin al\u0131rlar.<\/p>\n\t\t<\/div>\n\t<\/div>\n\t\n\t<div id=\"accordion-3338952250\" class=\"accordion-item\">\n\t\t<a id=\"accordion-3338952250-label\" class=\"accordion-title plain\" href=\"#accordion-item-bunyon-ameliyat\u0131n\u0131n-iyile\u015fme-s\u00fcreci-ne-kadar-s\u00fcrer?\" aria-expanded=\"false\" aria-controls=\"accordion-3338952250-content\">\n\t\t\t<button class=\"toggle\" aria-label=\"A\u00e7\/Kapat\"><i class=\"icon-angle-down\" aria-hidden=\"true\"><\/i><\/button>\n\t\t\t<span>Bunyon ameliyat\u0131n\u0131n iyile\u015fme s\u00fcreci ne kadar s\u00fcrer?<\/span>\n\t\t<\/a>\n\t\t<div id=\"accordion-3338952250-content\" class=\"accordion-inner\" aria-labelledby=\"accordion-3338952250-label\">\n\t\t\t\n<p>A\u00e7\u0131k veya minimal invaziv ameliyat ge\u00e7irmeniz, tamamen iyile\u015fmenizin ne kadar s\u00fcrece\u011fini b\u00fcy\u00fck \u00f6l\u00e7\u00fcde etkileyecektir. Minimal invaziv ameliyat ge\u00e7iren hastalar tipik olarak PECA tedavisini takiben alt\u0131 ila sekiz hafta sonra normal ayakkab\u0131larla y\u00fcr\u00fcyebilirler. Bundan sonra, egzersiz hastan\u0131n tolerans seviyesine y\u00fckseltilir. On iki haftal\u0131k bir s\u00fcre boyunca ko\u015fmak ve z\u0131plamak yasakt\u0131r, ancak bisiklete binme, spinning, y\u00fcr\u00fcy\u00fc\u015f ve y\u00fczmeye hastan\u0131n yapabildi\u011fi \u00f6l\u00e7\u00fcde izin verilir.<\/p>\n\t\t<\/div>\n\t<\/div>\n\t\n\t<div id=\"accordion-213113895\" class=\"accordion-item\">\n\t\t<a id=\"accordion-213113895-label\" class=\"accordion-title plain\" href=\"#accordion-item-minimal-invaziv-bunyon-ameliyat\u0131ndan-sonra-ne-kadar-s\u00fcre-normal-ayakkab\u0131-giyebilirim?\" aria-expanded=\"false\" aria-controls=\"accordion-213113895-content\">\n\t\t\t<button class=\"toggle\" aria-label=\"A\u00e7\/Kapat\"><i class=\"icon-angle-down\" aria-hidden=\"true\"><\/i><\/button>\n\t\t\t<span>Minimal invaziv bunyon ameliyat\u0131ndan sonra ne kadar s\u00fcre normal ayakkab\u0131 giyebilirim?<\/span>\n\t\t<\/a>\n\t\t<div id=\"accordion-213113895-content\" class=\"accordion-inner\" aria-labelledby=\"accordion-213113895-label\">\n\t\t\t\n<p>Ameliyattan sonra, yakla\u015f\u0131k alt\u0131 hafta boyunca benzersiz ameliyat sonras\u0131 ayakkab\u0131s\u0131n\u0131 giyeceksiniz. \u015ei\u015flik ve rahatl\u0131k seviyenize ba\u011fl\u0131 olarak, genellikle alt\u0131 hafta sonra normal spor ayakkab\u0131 giymeye ba\u015flayabilirsiniz. Ameliyattan \u00fc\u00e7 ay sonra, hastalar\u0131n \u00e7o\u011fu t\u00fcm spor ayakkab\u0131 ve botlar\u0131n yan\u0131 s\u0131ra d\u00fcz, rahat ayakkab\u0131lar da giyebilir. Ameliyattan sonra hastalar alt\u0131 ila on iki ay boyunca bir miktar \u00f6deme maruz kalabilir ve bu da y\u00fcksek kaliteli ayakkab\u0131lar\u0131n giyilmesini zorla\u015ft\u0131rabilir.<\/p>\n<p>Normal ayakkab\u0131 giymek i\u00e7in gereken s\u00fcre ki\u015fiye ve aya\u011f\u0131n \u00e7eki\u00e7 parmak d\u00fczeltmesi gibi ek bir ameliyat ge\u00e7irip ge\u00e7irmedi\u011fine ba\u011fl\u0131 olarak de\u011fi\u015febilir. Genellikle ameliyattan 10 ila 12 hafta sonra normal spor ayakkab\u0131 giyebilirsiniz. Bu noktadan sonra, aktivite seviyenizi tolere etti\u011finiz \u015fekilde y\u00fckseltebilirsiniz.<\/p>\n\t\t<\/div>\n\t<\/div>\n\t\n\t<div id=\"accordion-2604500608\" class=\"accordion-item\">\n\t\t<a id=\"accordion-2604500608-label\" class=\"accordion-title plain\" href=\"#accordion-item-bunyonlar-i\u00e7in-uygulanan-prosed\u00fcrler-ne-kadar-ba\u015far\u0131l\u0131d\u0131r-ve-komplikasyonlar\u0131-nelerdir?\" aria-expanded=\"false\" aria-controls=\"accordion-2604500608-content\">\n\t\t\t<button class=\"toggle\" aria-label=\"A\u00e7\/Kapat\"><i class=\"icon-angle-down\" aria-hidden=\"true\"><\/i><\/button>\n\t\t\t<span>Bunyonlar i\u00e7in uygulanan prosed\u00fcrler ne kadar ba\u015far\u0131l\u0131d\u0131r ve komplikasyonlar\u0131 nelerdir?<\/span>\n\t\t<\/a>\n\t\t<div id=\"accordion-2604500608-content\" class=\"accordion-inner\" aria-labelledby=\"accordion-2604500608-label\">\n\t\t\t\n<p>\u00c7o\u011fu insan bunyon ameliyat\u0131ndan ger\u00e7ekten memnun kalmaktad\u0131r. Hastan\u0131n ameliyat sonras\u0131 y\u00f6nergelere uygun \u015fekilde uymas\u0131 ko\u015fuluyla sonu\u00e7lar m\u00fckemmeldir. Yine de bunyon ameliyat\u0131 tehlikesiz de\u011fildir. Herhangi bir ayak ameliyat\u0131 kemik iyile\u015fmesinin gecikmesine neden olabilir, ancak bu nadiren olur. Kendilerini \u00e7ok h\u0131zl\u0131 bir \u015fekilde a\u015f\u0131r\u0131 zorlayan (t\u0131bbi tavsiyeye ayk\u0131r\u0131 olarak) veya kemik iyile\u015fmesini engelleyebilecek sa\u011fl\u0131k sorunlar\u0131 olan hastalar\u0131n bu riski ya\u015fama riski daha y\u00fcksektir. Tedaviden sonra kesilerin yak\u0131n\u0131nda bir miktar uyu\u015fukluk hissedilebilir. Bu genellikle \u00fc\u00e7 ila alt\u0131 ay sonra kaybolur. Nadiren devam edebilir. Kanama, kan p\u0131ht\u0131la\u015fmas\u0131 ve anestezi ile ilgili endi\u015feler di\u011fer nadir sorunlard\u0131r. Her t\u00fcrl\u00fc bunyon tedavisi n\u00fcksle sonu\u00e7lanabilir; bunyon d\u00fczeltilmesi i\u00e7in minimal invaziv cerrahi uygulanan hastalarda bu riskin daha y\u00fcksek oldu\u011fu bilinmemektedir.<\/p>\n\t\t<\/div>\n\t<\/div>\n\t\n\t<div id=\"accordion-468327193\" class=\"accordion-item\">\n\t\t<a id=\"accordion-468327193-label\" class=\"accordion-title plain\" href=\"#accordion-item-bunyonlar-i\u00e7in-uygulanan-prosed\u00fcrler-ne-kadar-ba\u015far\u0131l\u0131d\u0131r-ve-komplikasyonlar\u0131-nelerdir?\" aria-expanded=\"false\" aria-controls=\"accordion-468327193-content\">\n\t\t\t<button class=\"toggle\" aria-label=\"A\u00e7\/Kapat\"><i class=\"icon-angle-down\" aria-hidden=\"true\"><\/i><\/button>\n\t\t\t<span>Bunyonlar i\u00e7in uygulanan prosed\u00fcrler ne kadar ba\u015far\u0131l\u0131d\u0131r ve komplikasyonlar\u0131 nelerdir?<\/span>\n\t\t<\/a>\n\t\t<div id=\"accordion-468327193-content\" class=\"accordion-inner\" aria-labelledby=\"accordion-468327193-label\">\n\t\t\t\n<p>\u00c7o\u011fu insan bunyon ameliyat\u0131ndan ger\u00e7ekten memnun kalmaktad\u0131r. Hastan\u0131n ameliyat sonras\u0131 y\u00f6nergelere uygun \u015fekilde uymas\u0131 ko\u015fuluyla sonu\u00e7lar m\u00fckemmeldir. Yine de bunyon ameliyat\u0131 tehlikesiz de\u011fildir. Herhangi bir ayak ameliyat\u0131 kemik iyile\u015fmesinin gecikmesine neden olabilir, ancak bu nadiren olur. Kendilerini \u00e7ok h\u0131zl\u0131 bir \u015fekilde a\u015f\u0131r\u0131 zorlayan (t\u0131bbi tavsiyeye ayk\u0131r\u0131 olarak) veya kemik iyile\u015fmesini engelleyebilecek sa\u011fl\u0131k sorunlar\u0131 olan hastalar\u0131n bu riski ya\u015fama riski daha y\u00fcksektir. Tedaviden sonra kesilerin yak\u0131n\u0131nda bir miktar uyu\u015fukluk hissedilebilir. Bu genellikle \u00fc\u00e7 ila alt\u0131 ay sonra kaybolur. Nadiren devam edebilir. Kanama, kan p\u0131ht\u0131la\u015fmas\u0131 ve anestezi ile ilgili endi\u015feler di\u011fer nadir sorunlard\u0131r. Her t\u00fcrl\u00fc bunyon tedavisi n\u00fcksle sonu\u00e7lanabilir; bunyon d\u00fczeltilmesi i\u00e7in minimal invaziv cerrahi uygulanan hastalarda bu riskin daha y\u00fcksek oldu\u011fu bilinmemektedir.<\/p>\n\t\t<\/div>\n\t<\/div>\n\t\n<\/div>\n\t\t<\/div>\n\t\t\t\t\t<\/div>\n\n\t\n<\/div>\n\t\t<\/div>\n\n\t\t\n<style>\n#section_997528122 {\n  padding-top: 30px;\n  padding-bottom: 30px;\n}\n<\/style>\n\t<\/section>\n\t\n\n\t<section class=\"section\" id=\"section_559404986\">\n\t\t<div class=\"section-bg fill\" >\n\t\t\t\t\t\t\t\t\t\n\t\t\t\n\n\t\t<\/div>\n\n\t\t\n\n\t\t<div class=\"section-content relative\">\n\t\t\t\n<div class=\"container section-title-container\" ><h3 class=\"section-title section-title-normal\"><b aria-hidden=\"true\"><\/b><span class=\"section-title-main\" >\u0130Y\u0130LE\u015eME S\u00dcREC\u0130<\/span><b aria-hidden=\"true\"><\/b><\/h3><\/div>\n<div class=\"row\"  id=\"row-204936632\">\n\n\t<div id=\"col-1957336773\" class=\"col small-12 large-12\"  >\n\t\t\t\t<div class=\"col-inner\"  >\n\t\t\t\n\t\t\t\n<div class=\"accordion\">\n\t<div id=\"accordion-1540267092\" class=\"accordion-item\">\n\t\t<a id=\"accordion-1540267092-label\" class=\"accordion-title plain\" href=\"#accordion-item-ameliyattan-sonra-aya\u011f\u0131m-nas\u0131l-g\u00f6r\u00fcnecek?\" aria-expanded=\"false\" aria-controls=\"accordion-1540267092-content\">\n\t\t\t<button class=\"toggle\" aria-label=\"A\u00e7\/Kapat\"><i class=\"icon-angle-down\" aria-hidden=\"true\"><\/i><\/button>\n\t\t\t<span>Ameliyattan sonra aya\u011f\u0131m nas\u0131l g\u00f6r\u00fcnecek?<\/span>\n\t\t<\/a>\n\t\t<div id=\"accordion-1540267092-content\" class=\"accordion-inner\" aria-labelledby=\"accordion-1540267092-label\">\n\t\t\t\n<p>Ameliyat sonras\u0131 aya\u011f\u0131n\u0131z\u0131n ilk g\u00f6r\u00fcnt\u00fcs\u00fc hafif \u015fi\u015f bir g\u00f6r\u00fcnt\u00fc olacakt\u0131r. Ayak parmaklar\u0131n\u0131z yakla\u015f\u0131k 2-3 hafta boyunca normalden biraz daha kal\u0131n ve \u015fi\u015f g\u00f6r\u00fcnecektir. \u00dc\u00e7\u00fcnc\u00fc haftan\u0131n sonunda ayak parmaklar\u0131n\u0131z normal bir g\u00f6r\u00fcn\u00fcme kavu\u015facak ve kabaca alt\u0131nc\u0131 haftan\u0131n sonunda ameliyattan \u00f6nce planlad\u0131klar\u0131 \u015fekle ula\u015fm\u0131\u015f olacaklard\u0131r.<\/p>\n\t\t<\/div>\n\t<\/div>\n\t\n\t<div id=\"accordion-633985376\" class=\"accordion-item\">\n\t\t<a id=\"accordion-633985376-label\" class=\"accordion-title plain\" href=\"#accordion-item-ameliyattan-sonra-yara-izim-kalacak-m\u0131?\" aria-expanded=\"false\" aria-controls=\"accordion-633985376-content\">\n\t\t\t<button class=\"toggle\" aria-label=\"A\u00e7\/Kapat\"><i class=\"icon-angle-down\" aria-hidden=\"true\"><\/i><\/button>\n\t\t\t<span>Ameliyattan sonra yara izim kalacak m\u0131?<\/span>\n\t\t<\/a>\n\t\t<div id=\"accordion-633985376-content\" class=\"accordion-inner\" aria-labelledby=\"accordion-633985376-label\">\n\t\t\t\n<p>Bu ameliyattan sonra aya\u011f\u0131n\u0131z\u0131n alt taraf\u0131nda yakla\u015f\u0131k 4 cm&#8217;lik bir iz kalacakt\u0131r. bu iz son derece ince bir izdir. eldeki avu\u00e7 i\u00e7i izlerinden daha silik ince bir iz kalacakt\u0131r. E\u011fer ameliyat\u0131n\u0131z\u0131 kapal\u0131 y\u00f6ntemle yapmam\u0131z uygun olursa, aya\u011f\u0131n\u0131z buna izin veriyorsa, teknik olarak aya\u011f\u0131n\u0131zda \u00e7ok k\u00fc\u00e7\u00fck birka\u00e7 diki\u015f d\u0131\u015f\u0131nda ba\u015fka bir iz kalmayacakt\u0131r.<\/p>\n\t\t<\/div>\n\t<\/div>\n\t\n\t<div id=\"accordion-4242442169\" class=\"accordion-item\">\n\t\t<a id=\"accordion-4242442169-label\" class=\"accordion-title plain\" href=\"#accordion-item-ameliyattan-sonra-ne-kadar-a\u011fr\u0131-hissederim?\" aria-expanded=\"false\" aria-controls=\"accordion-4242442169-content\">\n\t\t\t<button class=\"toggle\" aria-label=\"A\u00e7\/Kapat\"><i class=\"icon-angle-down\" aria-hidden=\"true\"><\/i><\/button>\n\t\t\t<span>Ameliyattan sonra ne kadar a\u011fr\u0131 hissederim?<\/span>\n\t\t<\/a>\n\t\t<div id=\"accordion-4242442169-content\" class=\"accordion-inner\" aria-labelledby=\"accordion-4242442169-label\">\n\t\t\t\n<p>Ameliyattan sonraki iki g\u00fcn i\u00e7inde a\u011fr\u0131 hissetmeniz muhtemeldir. Bu nedenle hastanede kald\u0131\u011f\u0131n\u0131z ilk 48 saat i\u00e7inde ciddi bir a\u011fr\u0131 kesici tedavi alacaks\u0131n\u0131z. Hastanede kalman\u0131z\u0131n en \u00f6nemli nedeni a\u011fr\u0131n\u0131z\u0131n hissedilmesini \u00f6nlemek olacakt\u0131r. Genellikle ikinci g\u00fcnden sonra a\u011fr\u0131 \u00e7ok d\u00fc\u015f\u00fck bir seviyeye inerek parasetamol gibi basit ila\u00e7larla takip edilebilecek d\u00fczeye iner, \u00f6zellikle operasyonun be\u015finci g\u00fcn\u00fcnden sonra a\u011fr\u0131 seviyesi hi\u00e7bir ila\u00e7 kullan\u0131lmayacak d\u00fczeye iner.<\/p>\n\t\t<\/div>\n\t<\/div>\n\t\n\t<div id=\"accordion-2819820238\" class=\"accordion-item\">\n\t\t<a id=\"accordion-2819820238-label\" class=\"accordion-title plain\" href=\"#accordion-item-ameliyattan-sonra-herhangi-bir-psikiyatrik-tedaviye-ihtiyac\u0131m-var-m\u0131?\" aria-expanded=\"false\" aria-controls=\"accordion-2819820238-content\">\n\t\t\t<button class=\"toggle\" aria-label=\"A\u00e7\/Kapat\"><i class=\"icon-angle-down\" aria-hidden=\"true\"><\/i><\/button>\n\t\t\t<span>Ameliyattan sonra herhangi bir psikiyatrik tedaviye ihtiyac\u0131m var m\u0131?<\/span>\n\t\t<\/a>\n\t\t<div id=\"accordion-2819820238-content\" class=\"accordion-inner\" aria-labelledby=\"accordion-2819820238-label\">\n\t\t\t\n<p>Bu i\u015flemden sonra herhangi bir fizyoterapiye ihtiya\u00e7 olmayacakt\u0131r. Kabaca ameliyat\u0131n onuncu g\u00fcn\u00fcnden sonra ba\u015flaman\u0131z gereken baz\u0131 egzersizler olacakt\u0131r. Alt\u0131nc\u0131 haftan\u0131n sonuna kadar yapaca\u011f\u0131n\u0131z egzersizler ile ayak parmak hareketleriniz eski haline d\u00f6necektir.<\/p>\n\t\t<\/div>\n\t<\/div>\n\t\n\t<div id=\"accordion-3624177130\" class=\"accordion-item\">\n\t\t<a id=\"accordion-3624177130-label\" class=\"accordion-title plain\" href=\"#accordion-item-g\u00fcnl\u00fck-aktivitelerime-ve-spor-faaliyetlerime-ne-zaman-d\u00f6nebilirim?\" aria-expanded=\"false\" aria-controls=\"accordion-3624177130-content\">\n\t\t\t<button class=\"toggle\" aria-label=\"A\u00e7\/Kapat\"><i class=\"icon-angle-down\" aria-hidden=\"true\"><\/i><\/button>\n\t\t\t<span>G\u00fcnl\u00fck aktivitelerime ve spor faaliyetlerime ne zaman d\u00f6nebilirim?<\/span>\n\t\t<\/a>\n\t\t<div id=\"accordion-3624177130-content\" class=\"accordion-inner\" aria-labelledby=\"accordion-3624177130-label\">\n\t\t\t\n<p>Ameliyat\u0131n \u00fc\u00e7\u00fcnc\u00fc haftas\u0131ndan sonra g\u00fcnl\u00fck aktivitelerinizin %50&#8217;sini yapman\u0131za izin veriyoruz. Alt\u0131nc\u0131 haftadan sonra araba kullanma, egzersiz yapma ve uzun s\u00fcre ayakta durma ile ilgili aktiviteleri yapman\u0131za izin veriyoruz.<\/p>\n\t\t<\/div>\n\t<\/div>\n\t\n\t<div id=\"accordion-4256936277\" class=\"accordion-item\">\n\t\t<a id=\"accordion-4256936277-label\" class=\"accordion-title plain\" href=\"#accordion-item-ameliyattan-sonra-ne-zaman-araba-kullanabilirim?\" aria-expanded=\"false\" aria-controls=\"accordion-4256936277-content\">\n\t\t\t<button class=\"toggle\" aria-label=\"A\u00e7\/Kapat\"><i class=\"icon-angle-down\" aria-hidden=\"true\"><\/i><\/button>\n\t\t\t<span>Ameliyattan sonra ne zaman araba kullanabilirim?<\/span>\n\t\t<\/a>\n\t\t<div id=\"accordion-4256936277-content\" class=\"accordion-inner\" aria-labelledby=\"accordion-4256936277-label\">\n\t\t\t\n<p>Hastalar\u0131m\u0131z\u0131n ameliyattan alt\u0131 hafta sonra ara\u00e7 kullanmalar\u0131na izin veriyoruz.<\/p>\n\t\t<\/div>\n\t<\/div>\n\t\n\t<div id=\"accordion-191678402\" class=\"accordion-item\">\n\t\t<a id=\"accordion-191678402-label\" class=\"accordion-title plain\" href=\"#accordion-item-ameliyattan-sonra-i\u015fime-ne-zaman-d\u00f6nebilirim?\" aria-expanded=\"false\" aria-controls=\"accordion-191678402-content\">\n\t\t\t<button class=\"toggle\" aria-label=\"A\u00e7\/Kapat\"><i class=\"icon-angle-down\" aria-hidden=\"true\"><\/i><\/button>\n\t\t\t<span>Ameliyattan sonra i\u015fime ne zaman d\u00f6nebilirim?<\/span>\n\t\t<\/a>\n\t\t<div id=\"accordion-191678402-content\" class=\"accordion-inner\" aria-labelledby=\"accordion-191678402-label\">\n\t\t\t\n<p>Ameliyattan sonra e\u011fer oturarak yapt\u0131\u011f\u0131n\u0131z masa ba\u015f\u0131 i\u015finde \u00e7al\u0131\u015fan biriyseniz d\u00f6rd\u00fcnc\u00fc haftadan sonra i\u015finize d\u00f6nebilirsiniz. \u0130\u015f rutininiz s\u0131ras\u0131nda ayakta duruyorsan\u0131z veya i\u015finiz 6-8 saat ayakta durmay\u0131 gerektiriyorsa alt\u0131nc\u0131 haftadan sonra i\u015fe d\u00f6nmenize izin veriyoruz.<\/p>\n\t\t<\/div>\n\t<\/div>\n\t\n\t<div id=\"accordion-2399112555\" class=\"accordion-item\">\n\t\t<a id=\"accordion-2399112555-label\" class=\"accordion-title plain\" href=\"#accordion-item-ameliyattan-sonra-herhangi-bir-ayakkab\u0131-giyebilecek-miyim?\" aria-expanded=\"false\" aria-controls=\"accordion-2399112555-content\">\n\t\t\t<button class=\"toggle\" aria-label=\"A\u00e7\/Kapat\"><i class=\"icon-angle-down\" aria-hidden=\"true\"><\/i><\/button>\n\t\t\t<span>Ameliyattan sonra herhangi bir ayakkab\u0131 giyebilecek miyim?<\/span>\n\t\t<\/a>\n\t\t<div id=\"accordion-2399112555-content\" class=\"accordion-inner\" aria-labelledby=\"accordion-2399112555-label\">\n\t\t\t\n<p>Ameliyat\u0131n d\u00f6rd\u00fcnc\u00fc haftas\u0131 civar\u0131nda spor ayakkab\u0131ya ge\u00e7iyoruz. D\u00f6rd\u00fcnc\u00fc ay\u0131n sonuna kadar spor ayakkab\u0131yla ge\u00e7irdi\u011fimiz bir s\u00fcre var. D\u00f6rt ile alt\u0131 ay aras\u0131nda sistematik olarak g\u00fcnl\u00fck kad\u0131n ayakkab\u0131lar\u0131n\u0131 belli bir s\u0131rayla denemeye ba\u015fl\u0131yoruz.<\/p>\n\t\t<\/div>\n\t<\/div>\n\t\n\t<div id=\"accordion-2196041808\" class=\"accordion-item\">\n\t\t<a id=\"accordion-2196041808-label\" class=\"accordion-title plain\" href=\"#accordion-item-ayak-parma\u011f\u0131m\u0131-eskisi-gibi-kullanabilecek-miyim?\" aria-expanded=\"false\" aria-controls=\"accordion-2196041808-content\">\n\t\t\t<button class=\"toggle\" aria-label=\"A\u00e7\/Kapat\"><i class=\"icon-angle-down\" aria-hidden=\"true\"><\/i><\/button>\n\t\t\t<span>Ayak parma\u011f\u0131m\u0131 eskisi gibi kullanabilecek miyim?<\/span>\n\t\t<\/a>\n\t\t<div id=\"accordion-2196041808-content\" class=\"accordion-inner\" aria-labelledby=\"accordion-2196041808-label\">\n\t\t\t\n<p>Ameliyattan sonra ayak ba\u015fparma\u011f\u0131n\u0131zda herhangi bir hareket k\u0131s\u0131tlamas\u0131 olmayacakt\u0131r. Parma\u011f\u0131n\u0131z\u0131n hareket a\u00e7\u0131kl\u0131\u011f\u0131 tamamen normal olacakt\u0131r.<\/p>\n\t\t<\/div>\n\t<\/div>\n\t\n<\/div>\n\t\t<\/div>\n\t\t\t\t\t<\/div>\n\n\t\n<\/div>\n\t\t<\/div>\n\n\t\t\n<style>\n#section_559404986 {\n  padding-top: 30px;\n  padding-bottom: 30px;\n  background-color: #f5f8fa;\n}\n<\/style>\n\t<\/section>\n\t\n\n\t<section class=\"section\" id=\"section_577868215\">\n\t\t<div class=\"section-bg fill\" >\n\t\t\t\t\t\t\t\t\t\n\t\t\t\n\n\t\t<\/div>\n\n\t\t\n\n\t\t<div class=\"section-content relative\">\n\t\t\t\n<div class=\"container section-title-container\" ><h3 class=\"section-title section-title-center\"><b aria-hidden=\"true\"><\/b><span class=\"section-title-main\" >Yayg\u0131n Ayak Problemleri<\/span><b aria-hidden=\"true\"><\/b><\/h3><\/div>\n<div class=\"row align-center\"  id=\"row-2144095603\">\n\n\t<div id=\"col-764030002\" class=\"col medium-3 small-6 large-3\"  >\n\t\t\t\t<div class=\"col-inner\"  >\n\t\t\t\n\t\t\t\n\n\t<a class=\"plain\" href=\"https:\/\/drmugrabiclinic.com\/tr\/bunyonlar-hakkinda\/\" >\t<div class=\"icon-box featured-box icon-box-center text-center\"  >\n\t\t\t\t\t<div class=\"icon-box-img\" style=\"width: 60px\">\n\t\t\t\t<div class=\"icon\">\n\t\t\t\t\t<div class=\"icon-inner\" >\n\t\t\t\t\t\t<img loading=\"lazy\" decoding=\"async\" width=\"512\" height=\"512\" src=\"https:\/\/drmugrabiclinic.com\/wp-content\/uploads\/2022\/11\/Halluks-Valgusicon.png\" class=\"attachment-medium size-medium\" alt=\"\" srcset=\"https:\/\/drmugrabiclinic.com\/wp-content\/uploads\/2022\/11\/Halluks-Valgusicon.png 512w, https:\/\/drmugrabiclinic.com\/wp-content\/uploads\/2022\/11\/Halluks-Valgusicon-300x300.png 300w\" sizes=\"auto, (max-width: 512px) 100vw, 512px\" title=\"\">\t\t\t\t\t<\/div>\n\t\t\t\t<\/div>\n\t\t\t<\/div>\n\t\t\t\t<div class=\"icon-box-text last-reset\">\n\t\t\t\t\t\t\t\t\t\n\t<div id=\"text-1872585497\" class=\"text\">\n\t\t\n<p><strong>Halluks Valgus<\/strong><\/p>\n\t\t\n<style>\n#text-1872585497 {\n  color: #023859;\n}\n#text-1872585497 > * {\n  color: #023859;\n}\n<\/style>\n\t<\/div>\n\t\n\t\t<\/div>\n\t<\/div>\n\t<\/a>\n\t\n\t\t<\/div>\n\t\t\t\t\t<\/div>\n\n\t\n\n\t<div id=\"col-555763283\" class=\"col medium-3 small-6 large-3\"  >\n\t\t\t\t<div class=\"col-inner\"  >\n\t\t\t\n\t\t\t\n\n\t<a class=\"plain\" href=\"https:\/\/drmugrabiclinic.com\/tr\/taban-problemleri\" >\t<div class=\"icon-box featured-box icon-box-center text-center\"  >\n\t\t\t\t\t<div class=\"icon-box-img\" style=\"width: 60px\">\n\t\t\t\t<div class=\"icon\">\n\t\t\t\t\t<div class=\"icon-inner\" >\n\t\t\t\t\t\t<img loading=\"lazy\" decoding=\"async\" width=\"512\" height=\"512\" src=\"https:\/\/drmugrabiclinic.com\/wp-content\/uploads\/2022\/11\/Taban-Sorunlariicon.png\" class=\"attachment-medium size-medium\" alt=\"\" srcset=\"https:\/\/drmugrabiclinic.com\/wp-content\/uploads\/2022\/11\/Taban-Sorunlariicon.png 512w, https:\/\/drmugrabiclinic.com\/wp-content\/uploads\/2022\/11\/Taban-Sorunlariicon-300x300.png 300w\" sizes=\"auto, (max-width: 512px) 100vw, 512px\" title=\"\">\t\t\t\t\t<\/div>\n\t\t\t\t<\/div>\n\t\t\t<\/div>\n\t\t\t\t<div class=\"icon-box-text last-reset\">\n\t\t\t\t\t\t\t\t\t\n\t<div id=\"text-1931437898\" class=\"text\">\n\t\t\n<p><strong>Taban Problemleri<\/strong><\/p>\n\t\t\n<style>\n#text-1931437898 {\n  color: #023859;\n}\n#text-1931437898 > * {\n  color: #023859;\n}\n<\/style>\n\t<\/div>\n\t\n\t\t<\/div>\n\t<\/div>\n\t<\/a>\n\t\n\t\t<\/div>\n\t\t\t\t\t<\/div>\n\n\t\n\n\t<div id=\"col-1396872025\" class=\"col medium-3 small-6 large-3\"  >\n\t\t\t\t<div class=\"col-inner\"  >\n\t\t\t\n\t\t\t\n\n\t<a class=\"plain\" href=\"https:\/\/drmugrabiclinic.com\/tr\/halluks-rigidus\/\" >\t<div class=\"icon-box featured-box icon-box-center text-center\"  >\n\t\t\t\t\t<div class=\"icon-box-img\" style=\"width: 60px\">\n\t\t\t\t<div class=\"icon\">\n\t\t\t\t\t<div class=\"icon-inner\" >\n\t\t\t\t\t\t<img loading=\"lazy\" decoding=\"async\" width=\"512\" height=\"512\" src=\"https:\/\/drmugrabiclinic.com\/wp-content\/uploads\/2022\/11\/Halluks-Rigidusicon.png\" class=\"attachment-medium size-medium\" alt=\"\" srcset=\"https:\/\/drmugrabiclinic.com\/wp-content\/uploads\/2022\/11\/Halluks-Rigidusicon.png 512w, https:\/\/drmugrabiclinic.com\/wp-content\/uploads\/2022\/11\/Halluks-Rigidusicon-300x300.png 300w\" sizes=\"auto, (max-width: 512px) 100vw, 512px\" title=\"\">\t\t\t\t\t<\/div>\n\t\t\t\t<\/div>\n\t\t\t<\/div>\n\t\t\t\t<div class=\"icon-box-text last-reset\">\n\t\t\t\t\t\t\t\t\t\n\t<div id=\"text-242497449\" class=\"text\">\n\t\t\n<p><strong>Halluks Ridigus<\/strong><\/p>\n\t\t\n<style>\n#text-242497449 {\n  color: #023859;\n}\n#text-242497449 > * {\n  color: #023859;\n}\n<\/style>\n\t<\/div>\n\t\n\t\t<\/div>\n\t<\/div>\n\t<\/a>\n\t\n\t\t<\/div>\n\t\t\t\t\t<\/div>\n\n\t\n\n\t<div id=\"col-704813790\" class=\"col medium-3 small-6 large-3\"  >\n\t\t\t\t<div class=\"col-inner\"  >\n\t\t\t\n\t\t\t\n\n\t<a class=\"plain\" href=\"https:\/\/drmugrabiclinic.com\/tr\/ayak-parmagi-deformiteleri\/\" >\t<div class=\"icon-box featured-box icon-box-center text-center\"  >\n\t\t\t\t\t<div class=\"icon-box-img\" style=\"width: 60px\">\n\t\t\t\t<div class=\"icon\">\n\t\t\t\t\t<div class=\"icon-inner\" >\n\t\t\t\t\t\t<img loading=\"lazy\" decoding=\"async\" width=\"512\" height=\"512\" src=\"https:\/\/drmugrabiclinic.com\/wp-content\/uploads\/2022\/11\/Parmak-Sorunlariicon.png\" class=\"attachment-medium size-medium\" alt=\"\" srcset=\"https:\/\/drmugrabiclinic.com\/wp-content\/uploads\/2022\/11\/Parmak-Sorunlariicon.png 512w, https:\/\/drmugrabiclinic.com\/wp-content\/uploads\/2022\/11\/Parmak-Sorunlariicon-300x300.png 300w\" sizes=\"auto, (max-width: 512px) 100vw, 512px\" title=\"\">\t\t\t\t\t<\/div>\n\t\t\t\t<\/div>\n\t\t\t<\/div>\n\t\t\t\t<div class=\"icon-box-text last-reset\">\n\t\t\t\t\t\t\t\t\t\n\t<div id=\"text-3911268417\" class=\"text\">\n\t\t\n<p><strong>Ayak Deformiteleri<\/strong><\/p>\n\t\t\n<style>\n#text-3911268417 {\n  color: #023859;\n}\n#text-3911268417 > * {\n  color: #023859;\n}\n<\/style>\n\t<\/div>\n\t\n\t\t<\/div>\n\t<\/div>\n\t<\/a>\n\t\n\t\t<\/div>\n\t\t\t\t\t<\/div>\n\n\t\n\n\t<div id=\"col-1584130690\" class=\"col medium-4 small-12 large-4\"  >\n\t\t\t\t<div class=\"col-inner\"  >\n\t\t\t\n\t\t\t\n\t<div id=\"gap-158760724\" class=\"gap-element clearfix\" style=\"display:block; height:auto;\">\n\t\t\n<style>\n#gap-158760724 {\n  padding-top: 20px;\n}\n<\/style>\n\t<\/div>\n\t\n<a href=\"https:\/\/drmugrabiclinic.com\/tr\/on-teshis\/\" class=\"button secondary lowercase expand\" >\n\t\t<span>Bir Temsilciyle \u0130leti\u015fime Ge\u00e7in<\/span>\n\t<i class=\"icon-angle-right\" aria-hidden=\"true\"><\/i><\/a>\n\n\t\t<\/div>\n\t\t\t\t\t<\/div>\n\n\t\n<\/div>\n\t\t<\/div>\n\n\t\t\n<style>\n#section_577868215 {\n  padding-top: 50px;\n  padding-bottom: 50px;\n}\n<\/style>\n\t<\/section>\n\t\n","protected":false},"excerpt":{"rendered":"","protected":false},"author":1,"featured_media":0,"parent":0,"menu_order":0,"comment_status":"closed","ping_status":"closed","template":"page-blank.php","meta":{"footnotes":""},"class_list":["post-2144","page","type-page","status-publish","hentry"],"_links":{"self":[{"href":"https:\/\/drmugrabiclinic.com\/tr\/wp-json\/wp\/v2\/pages\/2144","targetHints":{"allow":["GET"]}}],"collection":[{"href":"https:\/\/drmugrabiclinic.com\/tr\/wp-json\/wp\/v2\/pages"}],"about":[{"href":"https:\/\/drmugrabiclinic.com\/tr\/wp-json\/wp\/v2\/types\/page"}],"author":[{"embeddable":true,"href":"https:\/\/drmugrabiclinic.com\/tr\/wp-json\/wp\/v2\/users\/1"}],"replies":[{"embeddable":true,"href":"https:\/\/drmugrabiclinic.com\/tr\/wp-json\/wp\/v2\/comments?post=2144"}],"version-history":[{"count":0,"href":"https:\/\/drmugrabiclinic.com\/tr\/wp-json\/wp\/v2\/pages\/2144\/revisions"}],"wp:attachment":[{"href":"https:\/\/drmugrabiclinic.com\/tr\/wp-json\/wp\/v2\/media?parent=2144"}],"curies":[{"name":"wp","href":"https:\/\/api.w.org\/{rel}","templated":true}]}}